{"id":16,"date":"2015-06-13T11:17:55","date_gmt":"2015-06-13T11:17:55","guid":{"rendered":"http:\/\/webnus.biz\/themes\/churchsuite-wp\/solace\/?page_id=16"},"modified":"2025-03-25T00:50:10","modified_gmt":"2025-03-25T00:50:10","slug":"historia","status":"publish","type":"page","link":"https:\/\/csparoes.pt\/index.php\/historia\/","title":{"rendered":"Hist\u00f3ria"},"content":{"rendered":"[vc_row row_type=&#8221;2&#8243; blox_height=&#8221;280&#8243; blox_image=&#8221;7804&#8243; page_title=&#8221;page-title-x&#8221; blox_dark=&#8221;true&#8221; video_fullscreen=&#8221;true&#8221; video_type=&#8221;video\/youtube&#8221;][vc_column][\/vc_column][\/vc_row][vc_row video_fullscreen=&#8221;true&#8221; video_url=&#8221;&#8221; video_type=&#8221;video\/youtube&#8221;][vc_column]<hr class=\"vertical-space4\">[vc_column_text]\n<h2 style=\"text-align: center;\">SOBRE N\u00d3S<\/h2>\n<p style=\"text-align: center;\">Um pouco sobre n\u00f3s<\/p>\n[\/vc_column_text][\/vc_column][\/vc_row][vc_row video_fullscreen=&#8221;true&#8221; video_url=&#8221;&#8221; video_type=&#8221;video\/youtube&#8221;][vc_column]<h3 class=\"big-title1\">Hist\u00f3ria<\/h3><hr class=\"vertical-space1\">[vc_column_text css_animation=&#8221;top-to-bottom&#8221;]O concelho de Vale de Cambra localiza-se, em termos administrativos, na regi\u00e3o Norte (NUTS II) e na \u00c1rea Metropolitana do Porto (NUTS III). Pertence ao distrito de Aveiro, estando a uma dist\u00e2ncia de cerca de 50 quil\u00f3metros dessa cidade. Vale de Cambra tem como concelhos vizinhos: a norte e nordeste Arouca, a oeste Oliveira de Azem\u00e9is, a sul Sever do Vouga, a este S\u00e3o Pedro do Sul e a sudeste Oliveira de Frades.<\/p>\n<p>O concelho \u00e9 composto por sete freguesias, nomeadamente, as freguesias de Ar\u00f5es, Cepelos, Junqueira, Macieira de Cambra, R\u00f4ge, S\u00e3o Pedro de Castel\u00f5es e a Uni\u00e3o de Freguesias de Vila Ch\u00e3, Codal e Vila Cova do Perrinho.<\/p>\n<p>\u00c9 vis\u00edvel a riqueza agr\u00edcola e florestal deste concelho, em oposi\u00e7\u00e3o com um desenvolvimento indus<a href=\"https:\/\/csparoes.pt\/wp-content\/uploads\/2015\/06\/vale_590.jpg\"><img loading=\"lazy\" decoding=\"async\" class=\"border15 alignright wp-image-8076 size-full\" src=\"https:\/\/csparoes.pt\/wp-content\/uploads\/2015\/06\/vale_590.jpg\" alt=\"vale_590\" width=\"470\" height=\"448\" srcset=\"https:\/\/csparoes.pt\/wp-content\/uploads\/2015\/06\/vale_590.jpg 470w, https:\/\/csparoes.pt\/wp-content\/uploads\/2015\/06\/vale_590-300x286.jpg 300w\" sizes=\"auto, (max-width: 470px) 100vw, 470px\" \/><\/a>trial integrado, com destaque para os sectores da metalomec\u00e2nica, embalagens e lactic\u00ednios.<\/p>\n<p>Contudo em termos demogr\u00e1ficos confirma-se um crescimento populacional negativo de 13,3% em 2021, comparativamente a 1991. O \u00edndice de envelhecimento da popula\u00e7\u00e3o tem vindo a crescer de forma sustentada entre 2011 e 2021, sendo Freguesia de Ar\u00f5es uma das duas que apresentam os valores mais elevados.<\/p>\n<p>A freguesia de Ar\u00f5es \u00e9 uma das maiores do concelho de Vale de Cambra com uma extens\u00e3o de 41 km\u00b2 e 1169 habitantes. \u00c9 composta por 23 lugares dispersos entre si num territ\u00f3rio essencialmente serrano: Ar\u00f5es, Salgueira, Ch\u00e3o do Carvalho, Mouta Velha, Carvalhal do Ch\u00e3o, Felgueira, C\u00f4vo, Agualva, Lomba, Cabrum, Paradu\u00e7a, Ervedoso, Cabe\u00e7o Velide, Casal Velide, Souto Mau, Lameiras, Campo de Arca, Cercal, Fonte Pereiro, Moch\u00f5es, Macieiras, Quinta do Barco e Quinta da Corguinha. Trata-se de uma regi\u00e3o rural, que se dedica exclusivamente \u00e0 pr\u00e1tica de uma agricultura de subsist\u00eancia familiar e tradicional, com baixa produtividade e fracos recursos econ\u00f3micos, originando uma precariedade das condi\u00e7\u00f5es de vida, sobretudo da popula\u00e7\u00e3o mais idosa e menos qualificada. A emigra\u00e7\u00e3o e imigra\u00e7\u00e3o sazonal por parte das camadas populacionais mais jovens que buscam melhores oportunidades noutras zonas economicamente mais favorecidas traduz-se numa popula\u00e7\u00e3o residente muito envelhecida e \u00e0 qual se encontram associados problemas sociais tais como:<\/p>\n<p>&#8211; Inexist\u00eancia de retaguarda familiar;<\/p>\n<p>&#8211; Precariedade econ\u00f3mica;<\/p>\n<p>\u2013 Aus\u00eancia de assist\u00eancia de cuidados de sa\u00fade (interm\u00e9dios e continuados) para dar resposta \u00e0s exig\u00eancias de determinados estados cl\u00ednicos, assim como situa\u00e7\u00f5es de depend\u00eancia f\u00edsica e mental;<\/p>\n<p>\u2013 Falta de recursos sociais de suporte, que permitam satisfazer as necessidades b\u00e1sicas e promover o bem-estar biopsicossocial dos idosos.<\/p>\n<p>Todos estes fatores s\u00e3o agravados pela dispers\u00e3o geogr\u00e1fica dos v\u00e1rios lugares que tem conduzido ao sistem\u00e1tico isolamento social desta popula\u00e7\u00e3o idosa. N\u00e3o havendo previs\u00f5es para melhorias contamos que o n\u00famero de idosos que necessitar\u00e3o de apoio aumente.[\/vc_column_text][vc_column_text]\u00c9 neste panorama geogr\u00e1fico, ambiental e social que o Centro Social e Paroquial da Freguesia de Ar\u00f5es desenvolve a sua atividade de benefic\u00eancia tendo em conta o bem-estar da popula\u00e7\u00e3o.<\/p>\n<p><a href=\"https:\/\/csparoes.pt\/wp-content\/uploads\/2015\/06\/centro_hdr.jpg\"><img loading=\"lazy\" decoding=\"async\" class=\"border15 alignleft wp-image-8069 size-full\" src=\"https:\/\/csparoes.pt\/wp-content\/uploads\/2015\/06\/centro_hdr.jpg\" alt=\"centro_hdr\" width=\"658\" height=\"520\" srcset=\"https:\/\/csparoes.pt\/wp-content\/uploads\/2015\/06\/centro_hdr.jpg 658w, https:\/\/csparoes.pt\/wp-content\/uploads\/2015\/06\/centro_hdr-300x237.jpg 300w\" sizes=\"auto, (max-width: 658px) 100vw, 658px\" \/><\/a>A institui\u00e7\u00e3o foi fundada em dezembro de 1987, adquirindo a denomina\u00e7\u00e3o de Institui\u00e7\u00e3o Particular de Solidariedade Social, sem fins lucrativos, tendo como principal atividade o apoio a idosos, bem como a realiza\u00e7\u00e3o de atividades de car\u00e1cter cultural, recreativo e desportivo. Durante um longo per\u00edodo, face \u00e0s necessidades da freguesia, funcionou nas suas instala\u00e7\u00f5es um ATL que chegou a albergar perto de 70 crian\u00e7as. No entanto, tendo em conta as limita\u00e7\u00f5es das nossas instala\u00e7\u00f5es, bem como as transforma\u00e7\u00f5es no panorama nacional ao n\u00edvel desta resposta social, este teve que encerrar.<\/p>\n<p>Em 2014 iniciamos a constru\u00e7\u00e3o do edif\u00edcio do novo Centro de Dia com capacidade para 10 utentes e o Servi\u00e7o de Apoio domicili\u00e1rio para 60 utentes. No dia 16 de Abril de 2016 o equipamento social foi inaugurado sob a b\u00ean\u00e7\u00e3o de D. Il\u00eddio, Bispo de Viseu.<\/p>\n<p>Em 2019 iniciamos a 2\u00aa fase para a constru\u00e7\u00e3o da Estrutura Residencial para Pessoas Idosas, com capacidade para 30 utentes. No dia 16 de agosto de 2021 deu-se a abertura da ERPI.<\/p>\n<p>&nbsp;<\/p>\n<p>Desde ent\u00e3o o Centro Social orgulha-se do seu trajeto e dos servi\u00e7os prestados \u00e0 comunidade, s\u00f3 poss\u00edveis com a colabora\u00e7\u00e3o de todas as colaboradoras e membros de Dire\u00e7\u00e3o.[\/vc_column_text][\/vc_column][\/vc_row][vc_row row_type=&#8221;3&#8243; row_id=&#8221;clima&#8221; blox_height=&#8221;500&#8243; blox_image=&#8221;6054&#8243; blox_dark=&#8221;true&#8221; row_color=&#8221;rgba(0,0,0,0.3)&#8221; video_fullscreen=&#8221;true&#8221; video_type=&#8221;video\/youtube&#8221;][vc_column width=&#8221;1\/2&#8243;]<hr class=\"vertical-space2\">[vc_single_image image=&#8221;8091&#8243; img_size=&#8221;full&#8221;][\/vc_column][vc_column width=&#8221;1\/2&#8243;][vc_custom_heading text=&#8221;Condi\u00e7\u00f5es Climat\u00e9ricas &#8221; font_container=&#8221;tag:h1|text_align:left&#8221; google_fonts=&#8221;font_family:Playfair%20Display%3Aregular%2Citalic%2C700%2C700italic%2C900%2C900italic|font_style:400%20regular%3A400%3Anormal&#8221;][vc_column_text]\n<p style=\"text-align: left;\">O nosso trabalho di\u00e1rio desenrola-se num meio rural serrano. Ou seja, os caminhos percorridos s\u00e3o degradados, perigosos e durante o Inverno praticamente s\u00e3o intranspon\u00edveis. As habita\u00e7\u00f5es dos nossos utentes e mesmo da popula\u00e7\u00e3o em geral, s\u00e3o antigas, frias e com reduzidas condi\u00e7\u00f5es de habitabilidade.<\/p>\n<p style=\"text-align: left;\">Durante o per\u00edodo do Inverno a situa\u00e7\u00e3o agrava-se, a neve \u00e9 frequente e muitas vezes somos impedidos de executar o apoio por falta de condi\u00e7\u00f5es de acessibilidade. Nestas alturas contamos com o apoio da popula\u00e7\u00e3o, da Protec\u00e7\u00e3o Civil e dos Bombeiros. Uma das actividades principais da nossa Institui\u00e7\u00e3o \u00e9 a distribui\u00e7\u00e3o de refei\u00e7\u00f5es ao almo\u00e7o e jantar, percorremos cada um dos nossos utentes com carrinhas e com as nossas funcion\u00e1rias, contudo quando as condi\u00e7\u00f5es climat\u00e9ricas n\u00e3o permitem a passagem de um autom\u00f3vel pelos caminhos, as nossas funcion\u00e1rias t\u00eam de efectuar o referido apoio a p\u00e9.<\/p>\n[\/vc_column_text][\/vc_column][\/vc_row]\n","protected":false},"excerpt":{"rendered":"<p>[vc_row row_type=&#8221;2&#8243; blox_height=&#8221;280&#8243; blox_image=&#8221;7804&#8243; page_title=&#8221;page-title-x&#8221; blox_dark=&#8221;true&#8221; video_fullscreen=&#8221;true&#8221; video_type=&#8221;video\/youtube&#8221;][vc_column][\/vc_column][\/vc_row][vc_row video_fullscreen=&#8221;true&#8221; video_url=&#8221;&#8221; video_type=&#8221;video\/youtube&#8221;][vc_column][vc_column_text] SOBRE N\u00d3S Um pouco sobre n\u00f3s [\/vc_column_text][\/vc_column][\/vc_row][vc_row video_fullscreen=&#8221;true&#8221; video_url=&#8221;&#8221; video_type=&#8221;video\/youtube&#8221;][vc_column][vc_column_text css_animation=&#8221;top-to-bottom&#8221;]O concelho de Vale de Cambra localiza-se, em termos administrativos, na regi\u00e3o Norte (NUTS II) e na \u00c1rea Metropolitana do Porto (NUTS III). Pertence ao distrito de Aveiro, estando a uma dist\u00e2ncia de cerca de 50 quil\u00f3metros dessa cidade. Vale de Cambra tem como concelhos vizinhos: a norte e nordeste Arouca, a oeste Oliveira de Azem\u00e9is, a sul Sever do Vouga, a este S\u00e3o Pedro do Sul e a sudeste Oliveira de Frades. O concelho \u00e9 composto por sete freguesias, nomeadamente, as freguesias de Ar\u00f5es, Cepelos, Junqueira, Macieira de Cambra, R\u00f4ge, S\u00e3o Pedro de Castel\u00f5es e a Uni\u00e3o de Freguesias de Vila Ch\u00e3, Codal e Vila Cova do Perrinho. \u00c9 vis\u00edvel a riqueza agr\u00edcola e florestal deste concelho, em oposi\u00e7\u00e3o com um desenvolvimento industrial integrado, com destaque para os sectores da metalomec\u00e2nica, embalagens e lactic\u00ednios. Contudo em termos demogr\u00e1ficos confirma-se um crescimento populacional negativo de 13,3% em 2021, comparativamente a 1991. O \u00edndice de envelhecimento da popula\u00e7\u00e3o tem vindo a crescer de forma sustentada entre 2011 e 2021, sendo Freguesia de Ar\u00f5es uma das duas que apresentam os valores mais elevados. A freguesia de Ar\u00f5es \u00e9 uma das maiores do concelho de Vale de Cambra com uma extens\u00e3o de 41 km\u00b2 e 1169 habitantes. \u00c9 composta por 23 lugares dispersos entre si num territ\u00f3rio essencialmente serrano: Ar\u00f5es, Salgueira, Ch\u00e3o do Carvalho, Mouta Velha, Carvalhal do Ch\u00e3o, Felgueira, C\u00f4vo, Agualva, Lomba, Cabrum, Paradu\u00e7a, Ervedoso, Cabe\u00e7o Velide, Casal Velide, Souto Mau, Lameiras, Campo de Arca, Cercal, Fonte Pereiro, Moch\u00f5es, Macieiras, Quinta do Barco e Quinta da Corguinha. Trata-se de uma regi\u00e3o rural, que se dedica exclusivamente \u00e0 pr\u00e1tica de uma agricultura de subsist\u00eancia familiar e tradicional, com baixa produtividade e fracos&#8230; <\/p>\n<p><a class=\"readmore\" href=\"https:\/\/csparoes.pt\/index.php\/historia\/\">Ler Mais<\/a><\/p>\n","protected":false},"author":1,"featured_media":0,"parent":0,"menu_order":0,"comment_status":"closed","ping_status":"closed","template":"","meta":{"footnotes":""},"class_list":["post-16","page","type-page","status-publish","hentry"],"aioseo_notices":[],"_links":{"self":[{"href":"https:\/\/csparoes.pt\/index.php\/wp-json\/wp\/v2\/pages\/16","targetHints":{"allow":["GET"]}}],"collection":[{"href":"https:\/\/csparoes.pt\/index.php\/wp-json\/wp\/v2\/pages"}],"about":[{"href":"https:\/\/csparoes.pt\/index.php\/wp-json\/wp\/v2\/types\/page"}],"author":[{"embeddable":true,"href":"https:\/\/csparoes.pt\/index.php\/wp-json\/wp\/v2\/users\/1"}],"replies":[{"embeddable":true,"href":"https:\/\/csparoes.pt\/index.php\/wp-json\/wp\/v2\/comments?post=16"}],"version-history":[{"count":137,"href":"https:\/\/csparoes.pt\/index.php\/wp-json\/wp\/v2\/pages\/16\/revisions"}],"predecessor-version":[{"id":22619,"href":"https:\/\/csparoes.pt\/index.php\/wp-json\/wp\/v2\/pages\/16\/revisions\/22619"}],"wp:attachment":[{"href":"https:\/\/csparoes.pt\/index.php\/wp-json\/wp\/v2\/media?parent=16"}],"curies":[{"name":"wp","href":"https:\/\/api.w.org\/{rel}","templated":true}]}}